{"id":319,"date":"2020-03-27T13:41:05","date_gmt":"2020-03-27T13:41:05","guid":{"rendered":"https:\/\/demosites.io\/energy-panels-gb\/?page_id=319"},"modified":"2024-12-27T14:27:55","modified_gmt":"2024-12-27T13:27:55","slug":"0dc9b-about-us","status":"publish","type":"page","link":"https:\/\/paramus.pl\/?page_id=319","title":{"rendered":"O NAS"},"content":{"rendered":"\n<h2 class=\"wp-block-heading has-text-align-center\"><\/h2>\n\n\n\n<div class=\"wp-block-cover alignfull\" style=\"min-height:394px;aspect-ratio:unset;\"><span aria-hidden=\"true\" class=\"wp-block-cover__background has-background-dim\"><\/span><img loading=\"lazy\" decoding=\"async\" width=\"1613\" height=\"815\" class=\"wp-block-cover__image-background wp-image-750\" alt=\"\" src=\"https:\/\/paramus.pl\/wp-content\/uploads\/2021\/04\/Zrzut-ekranu-2021-04-21-o-13.28.56.png\" data-object-fit=\"cover\" srcset=\"https:\/\/paramus.pl\/wp-content\/uploads\/2021\/04\/Zrzut-ekranu-2021-04-21-o-13.28.56.png 1613w, https:\/\/paramus.pl\/wp-content\/uploads\/2021\/04\/Zrzut-ekranu-2021-04-21-o-13.28.56-300x152.png 300w, https:\/\/paramus.pl\/wp-content\/uploads\/2021\/04\/Zrzut-ekranu-2021-04-21-o-13.28.56-1024x517.png 1024w, https:\/\/paramus.pl\/wp-content\/uploads\/2021\/04\/Zrzut-ekranu-2021-04-21-o-13.28.56-768x388.png 768w, https:\/\/paramus.pl\/wp-content\/uploads\/2021\/04\/Zrzut-ekranu-2021-04-21-o-13.28.56-1536x776.png 1536w\" sizes=\"auto, (max-width: 1613px) 100vw, 1613px\" \/><div class=\"wp-block-cover__inner-container is-layout-flow wp-block-cover-is-layout-flow\">\n<h1 class=\"wp-block-heading has-text-align-center has-white-color has-text-color\"><strong>Stowarzyszenie Paramus<\/strong> <\/h1>\n\n\n\n<p class=\"has-text-align-center has-white-color has-text-color\" style=\"font-size:23px\">Dzia\u0142amy!<\/p>\n\n\n\n<div style=\"height:40px\" aria-hidden=\"true\" class=\"wp-block-spacer\"><\/div>\n\n\n\n<div class=\"wp-block-group\"><div class=\"wp-block-group__inner-container is-layout-flow wp-block-group-is-layout-flow\">\n<div class=\"wp-block-buttons is-horizontal is-content-justification-center is-layout-flex wp-container-core-buttons-is-layout-499968f5 wp-block-buttons-is-layout-flex\">\n<div class=\"wp-block-button is-style-primary\"><a class=\"wp-block-button__link wp-element-button\" href=\"https:\/\/www.facebook.com\/StowarzyszenieParamus\" target=\"_blank\" rel=\"noreferrer noopener\">obserwuj nas na FACEBOOKU<\/a><\/div>\n<\/div>\n<\/div><\/div>\n<\/div><\/div>\n\n\n\n<blockquote class=\"wp-block-quote is-layout-flow wp-block-quote-is-layout-flow\">\n<p><strong>Impulsem towarzysz\u0105cym powo\u0142ywaniu do \u017cycia organizacji spo\u0142ecznych, jest najcz\u0119\u015bciej ch\u0119\u0107 realizacji wsp\u00f3lnego pomys\u0142u kilku os\u00f3b. Zdarza si\u0119, \u017ce z biegiem czasu koncepcje i dzia\u0142ania rozrastaj\u0105 si\u0119 i poprzeczka wymaga\u0144 i oczekiwa\u0144 systematycznie si\u0119 podnosi. Stowarzyszenie Paramus podejmuje wyzwania i realizuje przyjmowane cele, po to, aby lokalnie \u017cy\u0142o si\u0119 lepiej<\/strong><\/p>\n<\/blockquote>\n\n\n\n<p>Stowarzyszenie powsta\u0142o w grudniu 2016, a jego najwa\u017cniejszym celem jest aktywne uczestniczenie w \u017cyciu spo\u0142ecznym \u017bywiecczyzny poprzez realizacj\u0119 r\u00f3\u017cnego rodzaju zada\u0144.<\/p>\n\n\n\n<p>G\u0142\u00f3wny trzon organizacji, czyli Zarz\u0105d tworz\u0105: <strong>Teresa Cima\u0142a, Maria Ostrowska i Bogus\u0142awa B\u0142achut<\/strong>. Niezwykle wa\u017cn\u0105 rol\u0119 animatorsk\u0105, doradcz\u0105, nadzoruj\u0105co-rozliczaj\u0105co i spajaj\u0105c\u0105 ca\u0142o\u015b\u0107 tworzy&nbsp; grupa, czyli: <strong>Ela, Alicja i Jaros\u0142aw.<\/strong><br>Zesp\u00f3\u0142 Paramusa, to osoby aktywne, kreatywne i zawsze s\u0142u\u017c\u0105ce pomoc\u0105.&nbsp;<\/p>\n\n\n\n<p>Stowarzyszenie realizuje, organizuje, uczestniczy w wielu wydarzeniach na terenie \u017bywca.&nbsp; G\u0142\u00f3wnym dzia\u0142aniem Stowarzyszenia Paramus jest koordynacja \u017bywieckiego Centrum Wolontariatu, kt\u00f3re realizuje zadania zwi\u0105zane z programem Korpus Solidarno\u015bci finansowanym przez NIW-CRSO. Dzia\u0142ania zwi\u0105zane s\u0105 z dwoma \u015bcie\u017ckami programu: Wspieranie Organizacji Wolontariatu w NGO oraz Lokalne Partnerstwo dla Wolontariatu. <\/p>\n\n\n\n<hr class=\"wp-block-separator has-alpha-channel-opacity\"\/>\n\n\n\n<p class=\"has-text-align-center\"><strong>DO\u0141\u0104CZ DO NAS<\/strong><\/p>\n\n\n\n<p class=\"has-text-align-center\">Deklaracja cz\u0142onkowska (wkr\u00f3tce)<\/p>\n\n\n\n<p class=\"has-text-align-center\"><strong>SK\u0141ADKI cz\u0142onkowskie<\/strong><\/p>\n\n\n\n<p class=\"has-text-align-center\">Wysoko\u015b\u0107 sk\u0142adki cz\u0142onkowskiej na rok 2025<\/p>\n\n\n\n<p class=\"has-text-align-center\"><strong>15,00 PLN\/miesi\u0105c<\/strong><\/p>\n\n\n\n<p>Wp\u0142aty na konto <strong>72 8137 0009 0033 4206 2000 0010<\/strong> w tytule wp\u0142aty <strong>SK\u0141ADKA cz\u0142onkowska \/miesi\u0105c_ce<\/strong> &#8230;<\/p>\n\n\n\n<hr class=\"wp-block-separator has-css-opacity\"\/>\n\n\n\n<p class=\"has-text-align-center\"><strong>Co robili\u015bmy? <\/strong><\/p>\n\n\n\n<hr class=\"wp-block-separator has-alpha-channel-opacity\"\/>\n\n\n\n<h3 class=\"wp-block-heading has-text-align-center\"><strong>Foto Zawody<\/strong><\/h3>\n\n\n\n<p>Pierwszym dzia\u0142aniem, niezwykle wa\u017cnym i przynosz\u0105cym spor\u0105 satysfakcj\u0119, jest organizacja oryginalnego konkursu fotograficznego. W roku 2020 odb\u0119dzie si\u0119 czwarta edycja Foto Zawod\u00f3w, czyli konkursu w formule 24-godzinnej. Uczestnicy, kt\u00f3rzy przygotowuj\u0105 si\u0119 do fina\u0142owej \u201erozgrywki\u201d , poprzez realizacj\u0119 zada\u0144 fotograficznych i uczestnictwo w warsztatach. Fina\u0142 konkursu polega na wykonaniu fotografii na zadany temat w ci\u0105gu 24 godzin.&nbsp;<\/p>\n\n\n\n<p>W roku 2019 Foto Zawodom towarzyszy\u0142a wystawa prac wybitnego polskiego fotografika Stanis\u0142awa Skoczenia. Prace uczestnik\u00f3w tegorocznej edycji zaprezentowane b\u0119d\u0105 w katalogu konkursowym.&nbsp;<\/p>\n\n\n\n<p>Ciekawym elementem, podnosz\u0105cym presti\u017c konkursu jest wystawa plenerowa najlepszych prac. Wystaw\u0119 mo\u017cna ogl\u0105da\u0107 w \u017cywieckim parku w miesi\u0105cach letnich.&nbsp;<\/p>\n\n\n\n<p>Konkurs z roku na rok cieszy si\u0119 rosn\u0105cym zainteresowaniem, bior\u0105 w nim udzia\u0142 mi\u0142o\u015bnicy fotografii o r\u00f3\u017cnym stopniu zaawansowania w tej dziedzinie. Mo\u017cna zauwa\u017cy\u0107 tak\u017ce wzrastaj\u0105c\u0105 ilo\u015b\u0107 team\u00f3w rodzinnych, dla kt\u00f3rych Foto Zawody, s\u0105 \u015bwietn\u0105 zabaw\u0105 i motywacj\u0105 do wsp\u00f3lnej pracy.&nbsp;<\/p>\n\n\n\n<p>Informacje szczeg\u00f3\u0142owe dotycz\u0105ce wydarzenia mo\u017cna znale\u017a\u0107 na stronach: fotoprojektor.blogspot.com oraz na facebook\/fotoprojektor<\/p>\n\n\n\n<div class=\"wp-block-buttons is-horizontal is-content-justification-center is-layout-flex wp-container-core-buttons-is-layout-499968f5 wp-block-buttons-is-layout-flex\">\n<div class=\"wp-block-button is-style-outline is-style-outline--1\"><a class=\"wp-block-button__link has-text-color wp-element-button\" href=\"https:\/\/paramus.pl\/?page_id=714\" style=\"border-radius:2px;color:#ba0c49\" target=\"_blank\" rel=\"noreferrer noopener\">KLIKNIJ I Dowiedz si\u0119 wi\u0119cej o dzia\u0142aniach w ramach \u017bywieckich Foto zawod\u00f3w<\/a><\/div>\n<\/div>\n\n\n\n<hr class=\"wp-block-separator has-css-opacity\"\/>\n\n\n\n<h3 class=\"wp-block-heading has-text-align-center\"><strong>\u017bywieckie Centrum Wolontariatu<\/strong><\/h3>\n\n\n\n<p>W styczniu 2019 powo\u0142ane zosta\u0142o \u017bywieckie Centrum Wolontariatu, kt\u00f3rego koordynatorkami by\u0142y Teresa Cima\u0142a i Lilianna Ple\u0144kowska. Wolontariat jest niezwykle wa\u017cnym elementem \u017cycia spo\u0142ecznego i dlatego przez ca\u0142y rok podejmowane by\u0142y dzia\u0142ania promuj\u0105ce, buduj\u0105ce i rozwijaj\u0105ce t\u0119 dziedzin\u0119. Wolontariusze skupieni wok\u00f3\u0142 \u017bCW uczestniczyli w wielu wa\u017cnych wydarzeniach (np. P\u00f3\u0142maraton dooko\u0142a Jeziora \u017bywieckiego, \u017bywieckie Suwakowanie, pomoc w organizacji przejazdu poci\u0105gu retro, Debaty Oksfordzkie, wydarzenia kulturalne w Klubie Papiernik, zbi\u00f3rki charytatywne, e-wolontariat i wiele innych). Stowarzyszenie Paramus jako koordynator \u017bCW organizuje warsztaty, szkolenia i spotkania dla wolontariuszy. W ramach kampanii \u201eMasz G\u0142os\u201d, we wsp\u00f3\u0142pracy z samorz\u0105dem, uda\u0142o si\u0119 wpisa\u0107 wolontariat jako element wsp\u00f3lnych dzia\u0142a\u0144 do Programu wsp\u00f3\u0142pracy samorz\u0105du (zar\u00f3wno na poziomie miasta \u017bywiec, jak i powiatu \u017cywieckiego) z organizacjami pozarz\u0105dowymi.&nbsp;<\/p>\n\n\n\n<div class=\"wp-block-buttons is-horizontal is-content-justification-center is-layout-flex wp-container-core-buttons-is-layout-499968f5 wp-block-buttons-is-layout-flex\">\n<div class=\"wp-block-button is-style-outline is-style-outline--2\"><a class=\"wp-block-button__link has-text-color wp-element-button\" href=\"https:\/\/paramus.pl\/?page_id=449\" style=\"border-radius:2px;color:#ba0c49\" target=\"_blank\" rel=\"noreferrer noopener\">KLIKNIJ I zdob\u0105d\u017a Informacje aktualne o \u017bCW<\/a><\/div>\n<\/div>\n\n\n\n<hr class=\"wp-block-separator has-css-opacity\"\/>\n\n\n\n<h3 class=\"wp-block-heading has-text-align-center\"><strong>Nad So\u0142\u0105 i Koszaraw\u0105<\/strong><\/h3>\n\n\n\n<p>W grudniu 2019 Stowarzyszenie z poparciem kolegium redakcyjnego dwutygodnika \u201eNad So\u0142\u0105 i Koszaraw\u0105\u201d, podj\u0119\u0142o si\u0119 roli wydawcy gazety i od stycznia 2020&nbsp;&nbsp;zosta\u0142o prawnym opiekunem tytu\u0142u, odpowiedzialnym za ci\u0105g\u0142o\u015b\u0107 wydawnictwa i wzmacnianie jego marki. To nowe i odpowiedzialne zadanie jest dla Paramusa nie lada wyzwaniem, ale dzi\u0119ki wsp\u00f3lnej pracy zachowana b\u0119dzie ponad dwudziestoletnia tradycja zwi\u0105zana z wydawaniem czasopisma \u201eNad So\u0142\u0105 i Koszaraw\u0105\u201d.&nbsp;<\/p>\n\n\n\n<div class=\"wp-block-buttons is-horizontal is-content-justification-center is-layout-flex wp-container-core-buttons-is-layout-499968f5 wp-block-buttons-is-layout-flex\">\n<div class=\"wp-block-button is-style-outline is-style-outline--3\"><a class=\"wp-block-button__link has-text-color wp-element-button\" href=\"https:\/\/www.facebook.com\/Nad-So%C5%82%C4%85-i-Koszaraw%C4%85-109086440641131\" style=\"border-radius:2px;color:#ba0c49\">KLIKNIJ i Dowiedz si\u0119 wi\u0119cej O dzia\u0142aniach Stowarzyszenia Paramus<\/a><\/div>\n<\/div>\n\n\n\n<hr class=\"wp-block-separator has-alpha-channel-opacity\"\/>\n\n\n\n<p class=\"has-text-align-center\"><strong>MOZAIKA \u017bYWIECKA &#8211; przewodnik niebanalny<\/strong><\/p>\n\n\n\n<p>Projekt zrealizowany zosta\u0142 dzi\u0119ki grantowi Funduszu Spo\u0142ecznego Grupy \u017bywiec w roku 2018 Autorkami przewodnika s\u0105: Anna Barabasz \u2013 tekst, Teresa Cima\u0142a \u2013 zdj\u0119cia, Joanna Zaj\u0105c-Slapni\u010dar \u2013 opracowanie graficzne<\/p>\n\n\n\n<figure class=\"wp-block-image size-large is-style-default\"><a href=\"https:\/\/paramus.pl\/wp-content\/uploads\/2023\/04\/Mozaika_Zywiecka_pn9-1-scaled.jpg\"><img loading=\"lazy\" decoding=\"async\" width=\"724\" height=\"1024\" src=\"https:\/\/paramus.pl\/wp-content\/uploads\/2023\/04\/Mozaika_Zywiecka_pn9-1-724x1024.jpg\" alt=\"\" class=\"wp-image-1402\" srcset=\"https:\/\/paramus.pl\/wp-content\/uploads\/2023\/04\/Mozaika_Zywiecka_pn9-1-724x1024.jpg 724w, https:\/\/paramus.pl\/wp-content\/uploads\/2023\/04\/Mozaika_Zywiecka_pn9-1-212x300.jpg 212w, https:\/\/paramus.pl\/wp-content\/uploads\/2023\/04\/Mozaika_Zywiecka_pn9-1-768x1086.jpg 768w, https:\/\/paramus.pl\/wp-content\/uploads\/2023\/04\/Mozaika_Zywiecka_pn9-1-1086x1536.jpg 1086w, https:\/\/paramus.pl\/wp-content\/uploads\/2023\/04\/Mozaika_Zywiecka_pn9-1-1448x2048.jpg 1448w, https:\/\/paramus.pl\/wp-content\/uploads\/2023\/04\/Mozaika_Zywiecka_pn9-1-scaled.jpg 1810w\" sizes=\"auto, (max-width: 724px) 100vw, 724px\" \/><\/a><\/figure>\n\n\n\n<div data-wp-interactive=\"core\/file\" class=\"wp-block-file\"><object data-wp-bind--hidden=\"!state.hasPdfPreview\" hidden class=\"wp-block-file__embed\" data=\"https:\/\/paramus.pl\/wp-content\/uploads\/2023\/04\/Mozaika_Zywiecka_pn9-1.pdf\" type=\"application\/pdf\" style=\"width:100%;height:600px\" aria-label=\"Osadzone z Mozaika_Zywiecka_pn9-1.\"><\/object><a id=\"wp-block-file--media-728e84eb-526e-4a32-ad75-0a2cd253fbb5\" href=\"https:\/\/paramus.pl\/wp-content\/uploads\/2023\/04\/Mozaika_Zywiecka_pn9-1.pdf\">Mozaika_Zywiecka_pn9-1<\/a><a href=\"https:\/\/paramus.pl\/wp-content\/uploads\/2023\/04\/Mozaika_Zywiecka_pn9-1.pdf\" class=\"wp-block-file__button wp-element-button\" download aria-describedby=\"wp-block-file--media-728e84eb-526e-4a32-ad75-0a2cd253fbb5\">Pobierz<\/a><\/div>\n\n\n\n<p class=\"has-text-align-right\"><em>Teresa Cima\u0142a<\/em><br><em>Prezes Stowarzyszenia Paramus<\/em><\/p>\n","protected":false},"excerpt":{"rendered":"<p>Impulsem towarzysz\u0105cym powo\u0142ywaniu do \u017cycia organizacji spo\u0142ecznych, jest najcz\u0119\u015bciej ch\u0119\u0107 realizacji wsp\u00f3lnego pomys\u0142u kilku os\u00f3b. Zdarza si\u0119, \u017ce z biegiem czasu koncepcje i dzia\u0142ania rozrastaj\u0105 si\u0119 i poprzeczka wymaga\u0144 i oczekiwa\u0144 systematycznie si\u0119 podnosi. Stowarzyszenie Paramus podejmuje wyzwania i realizuje przyjmowane cele, po to, aby lokalnie \u017cy\u0142o si\u0119 lepiej Stowarzyszenie powsta\u0142o w grudniu 2016, a&hellip;&nbsp;<a href=\"https:\/\/paramus.pl\/?page_id=319\" rel=\"bookmark\">Dowiedz si\u0119 wi\u0119cej &raquo;<span class=\"screen-reader-text\">O NAS<\/span><\/a><\/p>\n","protected":false},"author":1,"featured_media":0,"parent":0,"menu_order":0,"comment_status":"closed","ping_status":"closed","template":"","meta":{"_monsterinsights_skip_tracking":false,"_monsterinsights_sitenote_active":false,"_monsterinsights_sitenote_note":"","_monsterinsights_sitenote_category":0,"neve_meta_sidebar":"full-width","neve_meta_container":"","neve_meta_enable_content_width":"on","neve_meta_content_width":100,"neve_meta_title_alignment":"","neve_meta_author_avatar":"","neve_post_elements_order":"","neve_meta_disable_header":"","neve_meta_disable_footer":"","neve_meta_disable_title":"on","_themeisle_gutenberg_block_has_review":false,"footnotes":""},"class_list":["post-319","page","type-page","status-publish","hentry"],"_links":{"self":[{"href":"https:\/\/paramus.pl\/index.php?rest_route=\/wp\/v2\/pages\/319","targetHints":{"allow":["GET"]}}],"collection":[{"href":"https:\/\/paramus.pl\/index.php?rest_route=\/wp\/v2\/pages"}],"about":[{"href":"https:\/\/paramus.pl\/index.php?rest_route=\/wp\/v2\/types\/page"}],"author":[{"embeddable":true,"href":"https:\/\/paramus.pl\/index.php?rest_route=\/wp\/v2\/users\/1"}],"replies":[{"embeddable":true,"href":"https:\/\/paramus.pl\/index.php?rest_route=%2Fwp%2Fv2%2Fcomments&post=319"}],"version-history":[{"count":22,"href":"https:\/\/paramus.pl\/index.php?rest_route=\/wp\/v2\/pages\/319\/revisions"}],"predecessor-version":[{"id":1678,"href":"https:\/\/paramus.pl\/index.php?rest_route=\/wp\/v2\/pages\/319\/revisions\/1678"}],"wp:attachment":[{"href":"https:\/\/paramus.pl\/index.php?rest_route=%2Fwp%2Fv2%2Fmedia&parent=319"}],"curies":[{"name":"wp","href":"https:\/\/api.w.org\/{rel}","templated":true}]}}