{"id":714,"date":"2021-04-21T12:41:27","date_gmt":"2021-04-21T10:41:27","guid":{"rendered":"https:\/\/paramus.pl\/?page_id=714"},"modified":"2025-03-12T08:25:27","modified_gmt":"2025-03-12T07:25:27","slug":"foto-zawody","status":"publish","type":"page","link":"https:\/\/paramus.pl\/?page_id=714","title":{"rendered":"Strefa fotografii"},"content":{"rendered":"\n<p><\/p>\n\n\n\n<div class=\"wp-block-cover alignfull has-parallax\" style=\"min-height:484px;aspect-ratio:unset;\"><span aria-hidden=\"true\" class=\"wp-block-cover__background has-background-dim\"><\/span><div role=\"img\" class=\"wp-block-cover__image-background wp-image-727 has-parallax\" style=\"background-position:50% 50%;background-image:url(https:\/\/paramus.pl\/wp-content\/uploads\/2021\/04\/Zrzut-ekranu-2021-04-21-o-12.57.44.png)\"><\/div><div class=\"wp-block-cover__inner-container is-layout-flow wp-block-cover-is-layout-flow\">\n<h1 class=\"wp-block-heading has-text-align-center has-white-color has-text-color\" id=\"vi-foto-zawody\">VII FOTO ZAWODY<\/h1>\n\n\n\n<p class=\"has-text-align-center has-white-color has-text-color\" style=\"font-size:23px\">edycja 2023<\/p>\n\n\n\n<div style=\"height:40px\" aria-hidden=\"true\" class=\"wp-block-spacer\"><\/div>\n\n\n\n<div class=\"wp-block-group\"><div class=\"wp-block-group__inner-container is-layout-flow wp-block-group-is-layout-flow\">\n<div class=\"wp-block-buttons is-horizontal is-content-justification-center is-layout-flex wp-container-core-buttons-is-layout-499968f5 wp-block-buttons-is-layout-flex\">\n<div class=\"wp-block-button is-style-primary\"><a class=\"wp-block-button__link has-nv-dark-bg-color has-nv-site-bg-background-color has-text-color has-background wp-element-button\" href=\"https:\/\/www.facebook.com\/Fotoprojektor\" target=\"_blank\" rel=\"noreferrer noopener\">B\u0105d\u017a na bie\u017c\u0105co<\/a><\/div>\n<\/div>\n<\/div><\/div>\n<\/div><\/div>\n\n\n\n<div class=\"wp-block-media-text alignwide is-stacked-on-mobile\"><figure class=\"wp-block-media-text__media\"><img loading=\"lazy\" decoding=\"async\" width=\"1024\" height=\"1024\" src=\"https:\/\/paramus.pl\/wp-content\/uploads\/2023\/03\/VII-FotoZawody-1024x1024.jpg\" alt=\"\" class=\"wp-image-1250 size-full\" srcset=\"https:\/\/paramus.pl\/wp-content\/uploads\/2023\/03\/VII-FotoZawody-1024x1024.jpg 1024w, https:\/\/paramus.pl\/wp-content\/uploads\/2023\/03\/VII-FotoZawody-300x300.jpg 300w, https:\/\/paramus.pl\/wp-content\/uploads\/2023\/03\/VII-FotoZawody-150x150.jpg 150w, https:\/\/paramus.pl\/wp-content\/uploads\/2023\/03\/VII-FotoZawody-768x768.jpg 768w, https:\/\/paramus.pl\/wp-content\/uploads\/2023\/03\/VII-FotoZawody-1536x1536.jpg 1536w, https:\/\/paramus.pl\/wp-content\/uploads\/2023\/03\/VII-FotoZawody-2048x2048.jpg 2048w\" sizes=\"auto, (max-width: 1024px) 100vw, 1024px\" \/><\/figure><div class=\"wp-block-media-text__content\">\n<p>VII \u017bywieckie Foto Zawody odb\u0119d\u0105 si\u0119 w dniach <\/p>\n\n\n\n<p class=\"has-text-align-center\">03-04 czerwca 2023<\/p>\n\n\n\n<p>Wydarzenie jest wsp\u00f3\u0142finansowane w ramach realizacji zadania publicznego Miasta \u017bywiec<\/p>\n\n\n\n<hr class=\"wp-block-separator has-alpha-channel-opacity\"\/>\n\n\n\n<p class=\"has-text-align-center\">ZAPRASZAMY!<\/p>\n<\/div><\/div>\n\n\n\n<hr class=\"wp-block-separator has-alpha-channel-opacity\"\/>\n\n\n\n<div class=\"wp-block-buttons is-content-justification-center is-layout-flex wp-container-core-buttons-is-layout-16018d1d wp-block-buttons-is-layout-flex\">\n<div class=\"wp-block-button has-custom-font-size is-style-secondary has-medium-font-size\"><a class=\"wp-block-button__link has-nv-dark-bg-color has-text-color has-text-align-center wp-element-button\" href=\"https:\/\/forms.gle\/o781j2Z1EBynwJ4j8\" style=\"border-radius:31px\" target=\"_blank\" rel=\"noreferrer noopener\">Formularz zg\u0142oszeniowy  <\/a><\/div>\n<\/div>\n\n\n\n<hr class=\"wp-block-separator has-alpha-channel-opacity\"\/>\n\n\n\n<p><\/p>\n\n\n\n<p class=\"has-text-align-center\"><strong><mark style=\"background-color:rgba(0, 0, 0, 0)\" class=\"has-inline-color has-nv-dark-bg-color\">Regulamin VII \u017bywieckich Foto Zawod\u00f3w<\/mark><\/strong><\/p>\n\n\n\n<div data-wp-interactive=\"core\/file\" class=\"wp-block-file\"><object data-wp-bind--hidden=\"!state.hasPdfPreview\" hidden class=\"wp-block-file__embed\" data=\"https:\/\/paramus.pl\/wp-content\/uploads\/2023\/05\/Regulamin.pdf\" type=\"application\/pdf\" style=\"width:100%;height:600px\" aria-label=\"Osadzone z Regulamin.\"><\/object><a id=\"wp-block-file--media-f2d64316-2a5d-40d0-b835-765c13c72dfd\" href=\"https:\/\/paramus.pl\/wp-content\/uploads\/2023\/05\/Regulamin.pdf\">Regulamin<\/a><a href=\"https:\/\/paramus.pl\/wp-content\/uploads\/2023\/05\/Regulamin.pdf\" class=\"wp-block-file__button wp-element-button\" download aria-describedby=\"wp-block-file--media-f2d64316-2a5d-40d0-b835-765c13c72dfd\">Pobierz<\/a><\/div>\n\n\n\n<hr class=\"wp-block-separator has-alpha-channel-opacity\"\/>\n\n\n\n<p class=\"has-text-align-center\"><strong><mark style=\"background-color:rgba(0, 0, 0, 0)\" class=\"has-inline-color has-nv-dark-bg-color\">ZGODA NA WYKORZYSTANIE WIZERUNKU &#8211; wkr\u00f3tce do pobrania<\/mark><\/strong><\/p>\n\n\n\n<hr class=\"wp-block-separator has-alpha-channel-opacity\"\/>\n\n\n\n<p class=\"has-text-align-center\"><mark style=\"background-color:rgba(0, 0, 0, 0)\" class=\"has-inline-color has-nv-dark-bg-color\"><strong>Nagroda g\u0142\u00f3wna<\/strong> <\/mark><\/p>\n\n\n\n<p>Nagroda g\u0142\u00f3wna VII \u017bywieckich Foto Zawod\u00f3w:<\/p>\n\n\n\n<p><strong>500 z\u0142, statyw do aparatu oraz smartfona, profesjonalna blenda fotograficzna<\/strong><\/p>\n\n\n\n<p>W puli nagr\u00f3d dla laureat\u00f3w znajduj\u0105 si\u0119 akcesoria fotograficzne, aparat Instax mini wraz z wk\u0142adem, r\u0119cznie wykonane statuetki oraz upominki<\/p>\n\n\n<div class=\"wp-block-image is-style-default\">\n<figure class=\"aligncenter size-large is-resized\"><img loading=\"lazy\" decoding=\"async\" src=\"https:\/\/paramus.pl\/wp-content\/uploads\/2023\/05\/Nagroda-glowna-1-1024x819.png\" alt=\"\" class=\"wp-image-1437\" width=\"597\" height=\"477\" srcset=\"https:\/\/paramus.pl\/wp-content\/uploads\/2023\/05\/Nagroda-glowna-1-1024x819.png 1024w, https:\/\/paramus.pl\/wp-content\/uploads\/2023\/05\/Nagroda-glowna-1-300x240.png 300w, https:\/\/paramus.pl\/wp-content\/uploads\/2023\/05\/Nagroda-glowna-1-768x614.png 768w, https:\/\/paramus.pl\/wp-content\/uploads\/2023\/05\/Nagroda-glowna-1-1536x1229.png 1536w, https:\/\/paramus.pl\/wp-content\/uploads\/2023\/05\/Nagroda-glowna-1.png 2000w\" sizes=\"auto, (max-width: 597px) 100vw, 597px\" \/><\/figure>\n<\/div>\n\n\n<hr class=\"wp-block-separator has-alpha-channel-opacity\"\/>\n\n\n\n<div class=\"wp-block-media-text alignwide has-media-on-the-right is-stacked-on-mobile\"><div class=\"wp-block-media-text__content\">\n<p><strong>Patronat Krajowego Cechu Fotograf\u00f3w<\/strong><\/p>\n\n\n\n<p>Z wielk\u0105 rado\u015bci\u0105 informujemy, \u017ce VII \u017bywieckie Foto Zawody odb\u0119d\u0105 si\u0119 pod patronatem Krajowego Cechu Fotograf\u00f3w<\/p>\n<\/div><figure class=\"wp-block-media-text__media\"><img loading=\"lazy\" decoding=\"async\" width=\"1024\" height=\"356\" src=\"https:\/\/paramus.pl\/wp-content\/uploads\/2023\/05\/nowe_logo_KCF-1024x356.jpg\" alt=\"\" class=\"wp-image-1429 size-full\" srcset=\"https:\/\/paramus.pl\/wp-content\/uploads\/2023\/05\/nowe_logo_KCF-1024x356.jpg 1024w, https:\/\/paramus.pl\/wp-content\/uploads\/2023\/05\/nowe_logo_KCF-300x104.jpg 300w, https:\/\/paramus.pl\/wp-content\/uploads\/2023\/05\/nowe_logo_KCF-768x267.jpg 768w, https:\/\/paramus.pl\/wp-content\/uploads\/2023\/05\/nowe_logo_KCF-1536x534.jpg 1536w, https:\/\/paramus.pl\/wp-content\/uploads\/2023\/05\/nowe_logo_KCF.jpg 1967w\" sizes=\"auto, (max-width: 1024px) 100vw, 1024px\" \/><\/figure><\/div>\n\n\n\n<hr class=\"wp-block-separator has-alpha-channel-opacity\"\/>\n\n\n\n<p class=\"has-text-align-center\"><strong><mark style=\"background-color:rgba(0, 0, 0, 0)\" class=\"has-inline-color has-nv-dark-bg-color\">Jury konkursowe VII \u017bywieckich Foto Zawod\u00f3w<\/mark><\/strong><\/p>\n\n\n\n<div class=\"wp-block-media-text alignwide is-stacked-on-mobile\"><figure class=\"wp-block-media-text__media\"><img loading=\"lazy\" decoding=\"async\" width=\"960\" height=\"960\" src=\"https:\/\/paramus.pl\/wp-content\/uploads\/2023\/05\/311407053_5222135674581645_762961148137162437_n.jpg\" alt=\"\" class=\"wp-image-1424 size-full\" srcset=\"https:\/\/paramus.pl\/wp-content\/uploads\/2023\/05\/311407053_5222135674581645_762961148137162437_n.jpg 960w, https:\/\/paramus.pl\/wp-content\/uploads\/2023\/05\/311407053_5222135674581645_762961148137162437_n-300x300.jpg 300w, https:\/\/paramus.pl\/wp-content\/uploads\/2023\/05\/311407053_5222135674581645_762961148137162437_n-150x150.jpg 150w, https:\/\/paramus.pl\/wp-content\/uploads\/2023\/05\/311407053_5222135674581645_762961148137162437_n-768x768.jpg 768w\" sizes=\"auto, (max-width: 960px) 100vw, 960px\" \/><\/figure><div class=\"wp-block-media-text__content\">\n<p><mark style=\"background-color:rgba(0, 0, 0, 0)\" class=\"has-inline-color has-nv-dark-bg-color\">Agnieszka Ostrowska<\/mark> <\/p>\n\n\n\n<p>Laureatka wcze\u015bniejszych edycji Foto Zawod\u00f3w. Fotografuje amatorsko i robi to doskonale. Chod\u017a pochodzi z \u017bywca, na co dzie\u0144 mieszka, pracuje w Redzie. Tam te\u017c realizuje swoje projekty fotograficzne. Sesje wykonane przez Agnieszk\u0119 mo\u017cna podziwia\u0107 na portalach spo\u0142eczno\u015bciowych Instagram\/aga.ost.foto<\/p>\n<\/div><\/div>\n\n\n\n<div class=\"wp-block-media-text alignwide has-media-on-the-right is-stacked-on-mobile\"><div class=\"wp-block-media-text__content\">\n<p><mark style=\"background-color:rgba(0, 0, 0, 0)\" class=\"has-inline-color has-nv-dark-bg-color\">Olga Staszewska <\/mark><\/p>\n\n\n\n<p>Laureatka wcze\u015bniejszych edycji Foto Zawod\u00f3w. Fotografka, mieszka i pracuje w \u017bywcu. Autorka wystaw fotograficznych. W roku 2022 zrealizowa\u0142a projekt fotograficzny \u201eUkraina. Portrety. Kobiety\u201d. Emocjonalne portrety ukrai\u0144skich uchod\u017aczy\u0144 wojennych mieszkaj\u0105cych w \u017bywcu i na \u017bywiecczy\u017anie prezentowane by\u0142y w wielu miejscach w \u017bywcu, a tak\u017ce w \u015alemieniu.<\/p>\n\n\n\n<p><\/p>\n<\/div><figure class=\"wp-block-media-text__media\"><img loading=\"lazy\" decoding=\"async\" width=\"1024\" height=\"1024\" src=\"https:\/\/paramus.pl\/wp-content\/uploads\/2023\/05\/20221105_141946-1024x1024.jpg\" alt=\"\" class=\"wp-image-1425 size-full\" srcset=\"https:\/\/paramus.pl\/wp-content\/uploads\/2023\/05\/20221105_141946-1024x1024.jpg 1024w, https:\/\/paramus.pl\/wp-content\/uploads\/2023\/05\/20221105_141946-300x300.jpg 300w, https:\/\/paramus.pl\/wp-content\/uploads\/2023\/05\/20221105_141946-150x150.jpg 150w, https:\/\/paramus.pl\/wp-content\/uploads\/2023\/05\/20221105_141946-768x768.jpg 768w, https:\/\/paramus.pl\/wp-content\/uploads\/2023\/05\/20221105_141946-1536x1536.jpg 1536w, https:\/\/paramus.pl\/wp-content\/uploads\/2023\/05\/20221105_141946-2048x2048.jpg 2048w\" sizes=\"auto, (max-width: 1024px) 100vw, 1024px\" \/><\/figure><\/div>\n\n\n\n<div class=\"wp-block-media-text alignwide is-stacked-on-mobile\"><figure class=\"wp-block-media-text__media\"><img loading=\"lazy\" decoding=\"async\" width=\"1024\" height=\"1024\" src=\"https:\/\/paramus.pl\/wp-content\/uploads\/2023\/05\/IMG_3624.1-3-1024x1024.jpg\" alt=\"\" class=\"wp-image-1426 size-full\" srcset=\"https:\/\/paramus.pl\/wp-content\/uploads\/2023\/05\/IMG_3624.1-3-1024x1024.jpg 1024w, https:\/\/paramus.pl\/wp-content\/uploads\/2023\/05\/IMG_3624.1-3-300x300.jpg 300w, https:\/\/paramus.pl\/wp-content\/uploads\/2023\/05\/IMG_3624.1-3-150x150.jpg 150w, https:\/\/paramus.pl\/wp-content\/uploads\/2023\/05\/IMG_3624.1-3-768x768.jpg 768w, https:\/\/paramus.pl\/wp-content\/uploads\/2023\/05\/IMG_3624.1-3-1536x1536.jpg 1536w, https:\/\/paramus.pl\/wp-content\/uploads\/2023\/05\/IMG_3624.1-3-2048x2048.jpg 2048w\" sizes=\"auto, (max-width: 1024px) 100vw, 1024px\" \/><\/figure><div class=\"wp-block-media-text__content\">\n<p><mark style=\"background-color:rgba(0, 0, 0, 0)\" class=\"has-inline-color has-nv-dark-bg-color\">Maciej Cima\u0142a <\/mark><\/p>\n\n\n\n<p>Pracownia Introligatorska od pocz\u0105tku wspiera Foto Zawody w r\u00f3\u017cnoraki spos\u00f3b. Maciej jest artyst\u0105, kt\u00f3ry swoj\u0105 artystyczn\u0105 kreatywno\u015b\u0107 wykorzystuje w pracy z ksi\u0105\u017ckami. Prowadzi firm\u0119 od 30 lat i rzemios\u0142o wykonuje z wrodzonym perfekcjonizmem i estetycznym wyczuciem.<\/p>\n<\/div><\/div>\n\n\n\n<hr class=\"wp-block-separator has-alpha-channel-opacity\"\/>\n\n\n\n<div class=\"wp-block-media-text alignwide is-stacked-on-mobile\"><figure class=\"wp-block-media-text__media\"><img loading=\"lazy\" decoding=\"async\" width=\"1024\" height=\"819\" src=\"https:\/\/paramus.pl\/wp-content\/uploads\/2023\/03\/VII-FOTO-ZAWODY1-1-1024x819.png\" alt=\"\" class=\"wp-image-1365 size-full\" srcset=\"https:\/\/paramus.pl\/wp-content\/uploads\/2023\/03\/VII-FOTO-ZAWODY1-1-1024x819.png 1024w, https:\/\/paramus.pl\/wp-content\/uploads\/2023\/03\/VII-FOTO-ZAWODY1-1-300x240.png 300w, https:\/\/paramus.pl\/wp-content\/uploads\/2023\/03\/VII-FOTO-ZAWODY1-1-768x614.png 768w, https:\/\/paramus.pl\/wp-content\/uploads\/2023\/03\/VII-FOTO-ZAWODY1-1-1536x1229.png 1536w, https:\/\/paramus.pl\/wp-content\/uploads\/2023\/03\/VII-FOTO-ZAWODY1-1.png 2000w\" sizes=\"auto, (max-width: 1024px) 100vw, 1024px\" \/><\/figure><div class=\"wp-block-media-text__content\">\n<p><strong>Jest zgoda Miasta \u017bywiec na wystaw\u0119<\/strong><\/p>\n\n\n\n<p>Dzi\u0119ki pomocy Drukarni GIT STUDIO REKLAMY oraz FOTO U JARKA w dniach 20 czerwca &#8211; 20 lipca 2023, w \u017cywieckim parku b\u0119dzie mo\u017cna ogl\u0105da\u0107 pokonkursow\u0105 wystaw\u0119 laureat\u00f3w VII \u017bywieckich Foto Zawod\u00f3w. <\/p>\n<\/div><\/div>\n\n\n\n<hr class=\"wp-block-separator has-alpha-channel-opacity\"\/>\n\n\n\n<div class=\"wp-block-media-text alignwide is-stacked-on-mobile\" style=\"grid-template-columns:39% auto\"><figure class=\"wp-block-media-text__media\"><img loading=\"lazy\" decoding=\"async\" width=\"1024\" height=\"801\" src=\"https:\/\/paramus.pl\/wp-content\/uploads\/2022\/02\/02logo20221-1024x801.png\" alt=\"\" class=\"wp-image-1122 size-full\" srcset=\"https:\/\/paramus.pl\/wp-content\/uploads\/2022\/02\/02logo20221-1024x801.png 1024w, https:\/\/paramus.pl\/wp-content\/uploads\/2022\/02\/02logo20221-300x235.png 300w, https:\/\/paramus.pl\/wp-content\/uploads\/2022\/02\/02logo20221-768x601.png 768w, https:\/\/paramus.pl\/wp-content\/uploads\/2022\/02\/02logo20221-1536x1202.png 1536w, https:\/\/paramus.pl\/wp-content\/uploads\/2022\/02\/02logo20221-2048x1603.png 2048w\" sizes=\"auto, (max-width: 1024px) 100vw, 1024px\" \/><\/figure><div class=\"wp-block-media-text__content\">\n<p class=\"has-medium-font-size\">Zapraszamy do udzia\u0142u  w VI \u017bywieckich Foto Zawodach<\/p>\n\n\n\n<p><\/p>\n<\/div><\/div>\n\n\n\n<div class=\"wp-block-buttons is-content-justification-center is-layout-flex wp-container-core-buttons-is-layout-16018d1d wp-block-buttons-is-layout-flex\"><\/div>\n\n\n\n<hr class=\"wp-block-separator has-css-opacity\"\/>\n\n\n\n<div class=\"wp-block-buttons is-layout-flex wp-block-buttons-is-layout-flex\"><\/div>\n\n\n\n<p><\/p>\n\n\n\n<div class=\"wp-block-media-text alignwide is-stacked-on-mobile\"><figure class=\"wp-block-media-text__media\"><img loading=\"lazy\" decoding=\"async\" width=\"1024\" height=\"473\" src=\"https:\/\/paramus.pl\/wp-content\/uploads\/2021\/10\/katalog-1024x473.jpg\" alt=\"\" class=\"wp-image-1082 size-full\" srcset=\"https:\/\/paramus.pl\/wp-content\/uploads\/2021\/10\/katalog-1024x473.jpg 1024w, https:\/\/paramus.pl\/wp-content\/uploads\/2021\/10\/katalog-300x138.jpg 300w, https:\/\/paramus.pl\/wp-content\/uploads\/2021\/10\/katalog-768x354.jpg 768w, https:\/\/paramus.pl\/wp-content\/uploads\/2021\/10\/katalog-1536x709.jpg 1536w, https:\/\/paramus.pl\/wp-content\/uploads\/2021\/10\/katalog-2048x945.jpg 2048w\" sizes=\"auto, (max-width: 1024px) 100vw, 1024px\" \/><\/figure><div class=\"wp-block-media-text__content\">\n<p class=\"has-text-align-center\"><strong>Tradycja<\/strong><\/p>\n\n\n\n<p class=\"has-normal-font-size\">Z rado\u015bci\u0105 oddajemy w Wasze r\u0119ce pokonkursowy  Katalog prac 5. \u017bywieckich Foto Zawod\u00f3w. <\/p>\n\n\n\n<p>Autorami zdj\u0119\u0107 s\u0105 wszyscy uczestnicy  konkursu. <\/p>\n\n\n\n<p>Katalog wzbogacony jest r\u00f3wnie\u017c o teksty ludowych przy\u015bpiewek oraz wspomnienia o tym, jak to dawniej bywa\u0142o na \u017bywiecczy\u017anie. <\/p>\n\n\n\n<p>Katalog powsta\u0142 dzi\u0119ki dofinansowaniu przez Wojew\u00f3dztwo \u015al\u0105skie w ramach zadania publicznego. <\/p>\n<\/div><\/div>\n\n\n\n<hr class=\"wp-block-separator has-css-opacity\"\/>\n\n\n\n<p><\/p>\n\n\n\n<div data-wp-interactive=\"core\/file\" class=\"wp-block-file\"><object data-wp-bind--hidden=\"!state.hasPdfPreview\" hidden class=\"wp-block-file__embed\" data=\"https:\/\/paramus.pl\/wp-content\/uploads\/2021\/10\/TRADYcJA_Foto-Zawody2021-skompresowany.pdf\" type=\"application\/pdf\" style=\"width:100%;height:600px\" aria-label=\"Osadzone z Embed of TRADYcJA_Foto-Zawody2021-skompresowany..\"><\/object><a id=\"wp-block-file--media-3626b23a-7efe-47a3-8960-2ba4f2e01352\" href=\"https:\/\/paramus.pl\/wp-content\/uploads\/2021\/10\/TRADYcJA_Foto-Zawody2021-skompresowany.pdf\">TRADYcJA_Foto-Zawody2021-skompresowany<\/a><a href=\"https:\/\/paramus.pl\/wp-content\/uploads\/2021\/10\/TRADYcJA_Foto-Zawody2021-skompresowany.pdf\" class=\"wp-block-file__button\" download aria-describedby=\"wp-block-file--media-3626b23a-7efe-47a3-8960-2ba4f2e01352\">Download<\/a><\/div>\n\n\n\n<p>Pobierz du\u017cy rozmiar pliku<\/p>\n\n\n\n<p><a href=\"https:\/\/drive.google.com\/file\/d\/1JC8sc-cGqWNwEuxnjrhoTLZ78YdP1cQ4\/view?usp=sharing\">https:\/\/drive.google.com\/file\/d\/1JC8sc-cGqWNwEuxnjrhoTLZ78YdP1cQ4\/view?usp=sharing<\/a><\/p>\n\n\n\n<p><\/p>\n\n\n\n<hr class=\"wp-block-separator has-css-opacity\"\/>\n\n\n\n<p class=\"has-text-align-center has-large-font-size\"><strong>V \u017bywieckie Foto Zawody zako\u0144czone<\/strong><\/p>\n\n\n\n<p class=\"has-text-align-center has-large-font-size\">Laureaci<\/p>\n\n\n\n<div class=\"wp-block-media-text alignwide is-stacked-on-mobile\"><figure class=\"wp-block-media-text__media\"><img loading=\"lazy\" decoding=\"async\" width=\"1024\" height=\"683\" src=\"http:\/\/paramus.pl\/wp-content\/uploads\/2021\/06\/I-miejsce_GrandPrix_Marta-Andrusiewicz_a_serce_w_beskidach-1024x683.jpeg\" alt=\"\" class=\"wp-image-1045 size-full\" srcset=\"https:\/\/paramus.pl\/wp-content\/uploads\/2021\/06\/I-miejsce_GrandPrix_Marta-Andrusiewicz_a_serce_w_beskidach-1024x683.jpeg 1024w, https:\/\/paramus.pl\/wp-content\/uploads\/2021\/06\/I-miejsce_GrandPrix_Marta-Andrusiewicz_a_serce_w_beskidach-300x200.jpeg 300w, https:\/\/paramus.pl\/wp-content\/uploads\/2021\/06\/I-miejsce_GrandPrix_Marta-Andrusiewicz_a_serce_w_beskidach-768x512.jpeg 768w, https:\/\/paramus.pl\/wp-content\/uploads\/2021\/06\/I-miejsce_GrandPrix_Marta-Andrusiewicz_a_serce_w_beskidach-1536x1024.jpeg 1536w, https:\/\/paramus.pl\/wp-content\/uploads\/2021\/06\/I-miejsce_GrandPrix_Marta-Andrusiewicz_a_serce_w_beskidach-2048x1365.jpeg 2048w, https:\/\/paramus.pl\/wp-content\/uploads\/2021\/06\/I-miejsce_GrandPrix_Marta-Andrusiewicz_a_serce_w_beskidach-930x620.jpeg 930w\" sizes=\"auto, (max-width: 1024px) 100vw, 1024px\" \/><\/figure><div class=\"wp-block-media-text__content\">\n<p class=\"has-medium-font-size\">I miejsce Grand Prix V \u017bywieckich Foto Zawod\u00f3w Marta Andrusiewicz &#8222;Serce w Beskidach&#8221;<\/p>\n<\/div><\/div>\n\n\n\n<hr class=\"wp-block-separator has-css-opacity\"\/>\n\n\n\n<div class=\"wp-block-media-text alignwide has-media-on-the-right is-stacked-on-mobile\"><div class=\"wp-block-media-text__content\">\n<p class=\"has-medium-font-size\">II miejsce Piotr Kaszewski &#8222;Z pokolenia na pokolenie&#8221;<\/p>\n<\/div><figure class=\"wp-block-media-text__media\"><img loading=\"lazy\" decoding=\"async\" width=\"1024\" height=\"683\" src=\"http:\/\/paramus.pl\/wp-content\/uploads\/2021\/06\/II_miejsce_Piotr-Kaszewski_Z-pokolenia-na-pokolenie-1024x683.jpg\" alt=\"\" class=\"wp-image-1046 size-full\" srcset=\"https:\/\/paramus.pl\/wp-content\/uploads\/2021\/06\/II_miejsce_Piotr-Kaszewski_Z-pokolenia-na-pokolenie-1024x683.jpg 1024w, https:\/\/paramus.pl\/wp-content\/uploads\/2021\/06\/II_miejsce_Piotr-Kaszewski_Z-pokolenia-na-pokolenie-300x200.jpg 300w, https:\/\/paramus.pl\/wp-content\/uploads\/2021\/06\/II_miejsce_Piotr-Kaszewski_Z-pokolenia-na-pokolenie-768x512.jpg 768w, https:\/\/paramus.pl\/wp-content\/uploads\/2021\/06\/II_miejsce_Piotr-Kaszewski_Z-pokolenia-na-pokolenie-1536x1024.jpg 1536w, https:\/\/paramus.pl\/wp-content\/uploads\/2021\/06\/II_miejsce_Piotr-Kaszewski_Z-pokolenia-na-pokolenie-2048x1366.jpg 2048w, https:\/\/paramus.pl\/wp-content\/uploads\/2021\/06\/II_miejsce_Piotr-Kaszewski_Z-pokolenia-na-pokolenie-930x620.jpg 930w\" sizes=\"auto, (max-width: 1024px) 100vw, 1024px\" \/><\/figure><\/div>\n\n\n\n<hr class=\"wp-block-separator has-css-opacity\"\/>\n\n\n\n<div class=\"wp-block-media-text alignwide is-stacked-on-mobile\"><figure class=\"wp-block-media-text__media\"><img loading=\"lazy\" decoding=\"async\" width=\"1024\" height=\"683\" src=\"http:\/\/paramus.pl\/wp-content\/uploads\/2021\/06\/III-miejsce_Olga-Staszewska_Wrozby-andrzejkowe-1024x683.jpg\" alt=\"\" class=\"wp-image-1047 size-full\" srcset=\"https:\/\/paramus.pl\/wp-content\/uploads\/2021\/06\/III-miejsce_Olga-Staszewska_Wrozby-andrzejkowe-1024x683.jpg 1024w, https:\/\/paramus.pl\/wp-content\/uploads\/2021\/06\/III-miejsce_Olga-Staszewska_Wrozby-andrzejkowe-300x200.jpg 300w, https:\/\/paramus.pl\/wp-content\/uploads\/2021\/06\/III-miejsce_Olga-Staszewska_Wrozby-andrzejkowe-768x512.jpg 768w, https:\/\/paramus.pl\/wp-content\/uploads\/2021\/06\/III-miejsce_Olga-Staszewska_Wrozby-andrzejkowe-1536x1024.jpg 1536w, https:\/\/paramus.pl\/wp-content\/uploads\/2021\/06\/III-miejsce_Olga-Staszewska_Wrozby-andrzejkowe-2048x1365.jpg 2048w, https:\/\/paramus.pl\/wp-content\/uploads\/2021\/06\/III-miejsce_Olga-Staszewska_Wrozby-andrzejkowe-930x620.jpg 930w\" sizes=\"auto, (max-width: 1024px) 100vw, 1024px\" \/><\/figure><div class=\"wp-block-media-text__content\">\n<p class=\"has-medium-font-size\">III miejsce Olga Staszewska &#8222;Wr\u00f3\u017cby andrzejkowe&#8221;<\/p>\n<\/div><\/div>\n\n\n\n<hr class=\"wp-block-separator has-css-opacity\"\/>\n\n\n\n<p class=\"has-text-align-center has-large-font-size\">TEAMY RODZINNE<\/p>\n\n\n\n<div class=\"wp-block-media-text alignwide has-media-on-the-right is-stacked-on-mobile\"><div class=\"wp-block-media-text__content\">\n<p class=\"has-medium-font-size\">I miejsce Dru\u017cyna Krzysia &#8222;Harcerskie pokolenia&#8221;<\/p>\n<\/div><figure class=\"wp-block-media-text__media\"><img loading=\"lazy\" decoding=\"async\" width=\"1024\" height=\"768\" src=\"http:\/\/paramus.pl\/wp-content\/uploads\/2021\/06\/I-miejsce_Druzyna-Krzysia_Harcerskie-pokolenie-1024x768.jpg\" alt=\"\" class=\"wp-image-1049 size-full\" srcset=\"https:\/\/paramus.pl\/wp-content\/uploads\/2021\/06\/I-miejsce_Druzyna-Krzysia_Harcerskie-pokolenie-1024x768.jpg 1024w, https:\/\/paramus.pl\/wp-content\/uploads\/2021\/06\/I-miejsce_Druzyna-Krzysia_Harcerskie-pokolenie-300x225.jpg 300w, https:\/\/paramus.pl\/wp-content\/uploads\/2021\/06\/I-miejsce_Druzyna-Krzysia_Harcerskie-pokolenie-768x576.jpg 768w, https:\/\/paramus.pl\/wp-content\/uploads\/2021\/06\/I-miejsce_Druzyna-Krzysia_Harcerskie-pokolenie-1536x1152.jpg 1536w, https:\/\/paramus.pl\/wp-content\/uploads\/2021\/06\/I-miejsce_Druzyna-Krzysia_Harcerskie-pokolenie-2048x1536.jpg 2048w\" sizes=\"auto, (max-width: 1024px) 100vw, 1024px\" \/><\/figure><\/div>\n\n\n\n<hr class=\"wp-block-separator has-css-opacity\"\/>\n\n\n\n<div class=\"wp-block-media-text alignwide is-stacked-on-mobile\" style=\"grid-template-columns:37% auto\"><figure class=\"wp-block-media-text__media\"><img loading=\"lazy\" decoding=\"async\" width=\"680\" height=\"1024\" src=\"http:\/\/paramus.pl\/wp-content\/uploads\/2021\/06\/II-miejsce_Team_Andruty_pokolenia-680x1024.jpg\" alt=\"\" class=\"wp-image-1050 size-full\" srcset=\"https:\/\/paramus.pl\/wp-content\/uploads\/2021\/06\/II-miejsce_Team_Andruty_pokolenia-680x1024.jpg 680w, https:\/\/paramus.pl\/wp-content\/uploads\/2021\/06\/II-miejsce_Team_Andruty_pokolenia-199x300.jpg 199w, https:\/\/paramus.pl\/wp-content\/uploads\/2021\/06\/II-miejsce_Team_Andruty_pokolenia-768x1156.jpg 768w, https:\/\/paramus.pl\/wp-content\/uploads\/2021\/06\/II-miejsce_Team_Andruty_pokolenia-1020x1536.jpg 1020w, https:\/\/paramus.pl\/wp-content\/uploads\/2021\/06\/II-miejsce_Team_Andruty_pokolenia-1360x2048.jpg 1360w, https:\/\/paramus.pl\/wp-content\/uploads\/2021\/06\/II-miejsce_Team_Andruty_pokolenia-scaled.jpg 1700w\" sizes=\"auto, (max-width: 680px) 100vw, 680px\" \/><\/figure><div class=\"wp-block-media-text__content\">\n<p class=\"has-medium-font-size\">II miejsce Team Andruty &#8222;Pokolenia&#8221;<\/p>\n<\/div><\/div>\n\n\n\n<hr class=\"wp-block-separator has-css-opacity\"\/>\n\n\n\n<div class=\"wp-block-media-text alignwide has-media-on-the-right is-stacked-on-mobile\" style=\"grid-template-columns:auto 41%\"><div class=\"wp-block-media-text__content\">\n<p class=\"has-medium-font-size\">III miejsce Mieszczak Team &#8222;Tradycyjnie w niedziel\u0119&#8221;<\/p>\n<\/div><figure class=\"wp-block-media-text__media\"><img loading=\"lazy\" decoding=\"async\" width=\"768\" height=\"1024\" src=\"http:\/\/paramus.pl\/wp-content\/uploads\/2021\/06\/III-miejsce_Mieszczak-team_Tradycyjnie-w-niedziele-768x1024.jpg\" alt=\"\" class=\"wp-image-1051 size-full\" srcset=\"https:\/\/paramus.pl\/wp-content\/uploads\/2021\/06\/III-miejsce_Mieszczak-team_Tradycyjnie-w-niedziele-768x1024.jpg 768w, https:\/\/paramus.pl\/wp-content\/uploads\/2021\/06\/III-miejsce_Mieszczak-team_Tradycyjnie-w-niedziele-225x300.jpg 225w, https:\/\/paramus.pl\/wp-content\/uploads\/2021\/06\/III-miejsce_Mieszczak-team_Tradycyjnie-w-niedziele-1152x1536.jpg 1152w, https:\/\/paramus.pl\/wp-content\/uploads\/2021\/06\/III-miejsce_Mieszczak-team_Tradycyjnie-w-niedziele-1536x2048.jpg 1536w, https:\/\/paramus.pl\/wp-content\/uploads\/2021\/06\/III-miejsce_Mieszczak-team_Tradycyjnie-w-niedziele-scaled.jpg 1920w\" sizes=\"auto, (max-width: 768px) 100vw, 768px\" \/><\/figure><\/div>\n\n\n\n<hr class=\"wp-block-separator has-css-opacity\"\/>\n\n\n\n<p class=\"has-text-align-center has-large-font-size\">Wyr\u00f3\u017cnienie<\/p>\n\n\n\n<div class=\"wp-block-media-text alignwide is-stacked-on-mobile\" style=\"grid-template-columns:37% auto\"><figure class=\"wp-block-media-text__media\"><img loading=\"lazy\" decoding=\"async\" width=\"683\" height=\"1024\" src=\"http:\/\/paramus.pl\/wp-content\/uploads\/2021\/06\/Wyroznienie_Olga-Staszewska_Ciupaga-ze-hej-683x1024.jpg\" alt=\"\" class=\"wp-image-1048 size-full\" srcset=\"https:\/\/paramus.pl\/wp-content\/uploads\/2021\/06\/Wyroznienie_Olga-Staszewska_Ciupaga-ze-hej-683x1024.jpg 683w, https:\/\/paramus.pl\/wp-content\/uploads\/2021\/06\/Wyroznienie_Olga-Staszewska_Ciupaga-ze-hej-200x300.jpg 200w, https:\/\/paramus.pl\/wp-content\/uploads\/2021\/06\/Wyroznienie_Olga-Staszewska_Ciupaga-ze-hej-768x1152.jpg 768w, https:\/\/paramus.pl\/wp-content\/uploads\/2021\/06\/Wyroznienie_Olga-Staszewska_Ciupaga-ze-hej-1024x1536.jpg 1024w, https:\/\/paramus.pl\/wp-content\/uploads\/2021\/06\/Wyroznienie_Olga-Staszewska_Ciupaga-ze-hej-1365x2048.jpg 1365w, https:\/\/paramus.pl\/wp-content\/uploads\/2021\/06\/Wyroznienie_Olga-Staszewska_Ciupaga-ze-hej-scaled.jpg 1707w\" sizes=\"auto, (max-width: 683px) 100vw, 683px\" \/><\/figure><div class=\"wp-block-media-text__content\">\n<p class=\"has-medium-font-size\">Olga Staszewska &#8222;Ciupaga, \u017ce hej!&#8221;<\/p>\n<\/div><\/div>\n\n\n\n<hr class=\"wp-block-separator has-css-opacity\"\/>\n\n\n\n<p class=\"has-large-font-size\">Termin przesy\u0142ania prac: do godziny 12.00, 13 czerwca 2021<\/p>\n\n\n\n<p class=\"has-text-align-center has-large-font-size\">zywieckiefotozawody@gmail.com<\/p>\n\n\n\n<hr class=\"wp-block-separator has-css-opacity\"\/>\n\n\n\n<div class=\"wp-block-media-text alignwide is-stacked-on-mobile\" style=\"grid-template-columns:35% auto\"><figure class=\"wp-block-media-text__media\"><img loading=\"lazy\" decoding=\"async\" width=\"1024\" height=\"1007\" src=\"https:\/\/paramus.pl\/wp-content\/uploads\/2021\/06\/logo-czerw1-1-1024x1007.jpg\" alt=\"\" class=\"wp-image-997 size-full\" srcset=\"https:\/\/paramus.pl\/wp-content\/uploads\/2021\/06\/logo-czerw1-1-1024x1007.jpg 1024w, https:\/\/paramus.pl\/wp-content\/uploads\/2021\/06\/logo-czerw1-1-300x295.jpg 300w, https:\/\/paramus.pl\/wp-content\/uploads\/2021\/06\/logo-czerw1-1-768x756.jpg 768w, https:\/\/paramus.pl\/wp-content\/uploads\/2021\/06\/logo-czerw1-1-1536x1511.jpg 1536w, https:\/\/paramus.pl\/wp-content\/uploads\/2021\/06\/logo-czerw1-1-2048x2015.jpg 2048w\" sizes=\"auto, (max-width: 1024px) 100vw, 1024px\" \/><\/figure><div class=\"wp-block-media-text__content\">\n<p class=\"has-normal-font-size\">Pocz\u0105tek V \u017bywieckich Foto Zawod\u00f3w 12 czerwca 2021 g. 10.00 mi\u0119dzy \u017cywiecki Zamkiem, a Pa\u0142acem Habsburg\u00f3w (przy studni). W razie deszczu w siedzibie Foto u Jarka ul. Ko\u015bciuszki 3<\/p>\n\n\n\n<p>13 czerwca 2021 przesy\u0142anie prac do g. 12.00 <\/p>\n\n\n\n<p>Rozdanie nagr\u00f3d w miejscu rozpocz\u0119cia Foto Zawod\u00f3w g. 15.00 .<\/p>\n<\/div><\/div>\n\n\n\n<p class=\"has-large-font-size\">REJESTRACJA RUSZA 3 maja 2021<\/p>\n\n\n\n<p>Od 3 maja do 3 czerwca 2021 zapraszamy do wype\u0142niania <strong>formularza zg\u0142oszeniowego<\/strong>  V \u017bywieckich Foto Zawod\u00f3w. Przes\u0142anie formularza b\u0119dzie warunkiem koniecznym, aby wzi\u0105\u0107 udzia\u0142 w V \u017bywieckich Foto Zawodach. <\/p>\n\n\n\n<p><\/p>\n\n\n\n<p class=\"has-large-font-size\">REGULAMIN 2021<\/p>\n\n\n\n<div class=\"wp-block-file\"><a id=\"wp-block-file--media-6e5e027a-c9ca-4c17-92f4-aeb70b43a55c\" href=\"https:\/\/paramus.pl\/wp-content\/uploads\/2021\/05\/Regulamin.pdf\"><strong>Regulamin V \u017bywieckich Foto Zawod\u00f3w 12-13.06.2021<\/strong><\/a><a href=\"https:\/\/paramus.pl\/wp-content\/uploads\/2021\/05\/Regulamin.pdf\" class=\"wp-block-file__button wp-element-button\" download aria-describedby=\"wp-block-file--media-6e5e027a-c9ca-4c17-92f4-aeb70b43a55c\">Pobierz<\/a><\/div>\n\n\n\n<hr class=\"wp-block-separator has-css-opacity\"\/>\n\n\n\n<p class=\"has-large-font-size\">Bank nagr\u00f3d V \u017bywieckich Foto Zawod\u00f3w <\/p>\n\n\n\n<div class=\"wp-block-media-text alignwide is-stacked-on-mobile\" style=\"grid-template-columns:27% auto\"><figure class=\"wp-block-media-text__media\"><img loading=\"lazy\" decoding=\"async\" width=\"768\" height=\"1024\" src=\"https:\/\/paramus.pl\/wp-content\/uploads\/2021\/05\/DSC_3781_sd-768x1024.jpg\" alt=\"\" class=\"wp-image-960 size-full\" srcset=\"https:\/\/paramus.pl\/wp-content\/uploads\/2021\/05\/DSC_3781_sd-768x1024.jpg 768w, https:\/\/paramus.pl\/wp-content\/uploads\/2021\/05\/DSC_3781_sd-225x300.jpg 225w, https:\/\/paramus.pl\/wp-content\/uploads\/2021\/05\/DSC_3781_sd-1152x1536.jpg 1152w, https:\/\/paramus.pl\/wp-content\/uploads\/2021\/05\/DSC_3781_sd-1536x2048.jpg 1536w, https:\/\/paramus.pl\/wp-content\/uploads\/2021\/05\/DSC_3781_sd-scaled.jpg 1920w\" sizes=\"auto, (max-width: 768px) 100vw, 768px\" \/><\/figure><div class=\"wp-block-media-text__content\">\n<p class=\"has-normal-font-size\">Statuetka dla zwyci\u0119zcy V \u017bywieckich Foto Zawod\u00f3w<\/p>\n<\/div><\/div>\n\n\n\n<hr class=\"wp-block-separator has-css-opacity\"\/>\n\n\n\n<div class=\"wp-block-media-text alignwide has-media-on-the-right is-stacked-on-mobile\" style=\"grid-template-columns:auto 40%\"><div class=\"wp-block-media-text__content\">\n<p class=\"has-normal-font-size\">Komputronik \u017bywiec,  jest z nami od pocz\u0105tku. <\/p>\n<\/div><figure class=\"wp-block-media-text__media\"><img loading=\"lazy\" decoding=\"async\" width=\"1024\" height=\"205\" src=\"https:\/\/paramus.pl\/wp-content\/uploads\/2021\/06\/Komputronik-plaskie-niebieskie-1024x205-1.png\" alt=\"\" class=\"wp-image-993 size-full\" srcset=\"https:\/\/paramus.pl\/wp-content\/uploads\/2021\/06\/Komputronik-plaskie-niebieskie-1024x205-1.png 1024w, https:\/\/paramus.pl\/wp-content\/uploads\/2021\/06\/Komputronik-plaskie-niebieskie-1024x205-1-300x60.png 300w, https:\/\/paramus.pl\/wp-content\/uploads\/2021\/06\/Komputronik-plaskie-niebieskie-1024x205-1-768x154.png 768w\" sizes=\"auto, (max-width: 1024px) 100vw, 1024px\" \/><\/figure><\/div>\n\n\n\n<hr class=\"wp-block-separator has-css-opacity\"\/>\n\n\n\n<div class=\"wp-block-media-text alignwide is-stacked-on-mobile\" style=\"grid-template-columns:52% auto\"><figure class=\"wp-block-media-text__media\"><img loading=\"lazy\" decoding=\"async\" width=\"1024\" height=\"332\" src=\"https:\/\/paramus.pl\/wp-content\/uploads\/2021\/05\/janosik-black.png\" alt=\"\" class=\"wp-image-977 size-full\" srcset=\"https:\/\/paramus.pl\/wp-content\/uploads\/2021\/05\/janosik-black.png 1024w, https:\/\/paramus.pl\/wp-content\/uploads\/2021\/05\/janosik-black-300x97.png 300w, https:\/\/paramus.pl\/wp-content\/uploads\/2021\/05\/janosik-black-768x249.png 768w\" sizes=\"auto, (max-width: 1024px) 100vw, 1024px\" \/><\/figure><div class=\"wp-block-media-text__content\">\n<p class=\"has-normal-font-size\"><a href=\"https:\/\/kinojanosik.pl\/\" target=\"_blank\" rel=\"noreferrer noopener\">Kino Janosik<\/a>  ufundowa\u0142o zaproszenia dla laureat\u00f3w V \u017bywieckich Foto Zawod\u00f3w<\/p>\n<\/div><\/div>\n\n\n\n<hr class=\"wp-block-separator has-css-opacity\"\/>\n\n\n\n<p class=\"has-large-font-size\">Plecak fotograficzny  Manfrotto z serii Chicago  i statywy PIXI EVO <\/p>\n\n\n\n<p>Sponsorem nagr\u00f3d jest znany dystrybutor akcesori\u00f3w fotograficznych <a rel=\"noreferrer noopener\" href=\"https:\/\/foto7.pl\/\" target=\"_blank\">FOTO7 z Gliwic<\/a> <a href=\"https:\/\/www.multifoto.pl\/\" target=\"_blank\" rel=\"noreferrer noopener\">MultiFoto<\/a><\/p>\n\n\n\n<figure class=\"wp-block-gallery has-nested-images columns-default is-cropped wp-block-gallery-1 is-layout-flex wp-block-gallery-is-layout-flex\">\n<figure class=\"wp-block-image size-medium\"><img loading=\"lazy\" decoding=\"async\" width=\"300\" height=\"300\" data-id=\"970\" src=\"https:\/\/paramus.pl\/wp-content\/uploads\/2021\/05\/191022430_3963405883708587_5875922461878852254_n-300x300.jpg\" alt=\"\" class=\"wp-image-970\" srcset=\"https:\/\/paramus.pl\/wp-content\/uploads\/2021\/05\/191022430_3963405883708587_5875922461878852254_n-300x300.jpg 300w, https:\/\/paramus.pl\/wp-content\/uploads\/2021\/05\/191022430_3963405883708587_5875922461878852254_n-1024x1024.jpg 1024w, https:\/\/paramus.pl\/wp-content\/uploads\/2021\/05\/191022430_3963405883708587_5875922461878852254_n-150x150.jpg 150w, https:\/\/paramus.pl\/wp-content\/uploads\/2021\/05\/191022430_3963405883708587_5875922461878852254_n-768x768.jpg 768w, https:\/\/paramus.pl\/wp-content\/uploads\/2021\/05\/191022430_3963405883708587_5875922461878852254_n.jpg 1080w\" sizes=\"auto, (max-width: 300px) 100vw, 300px\" \/><\/figure>\n\n\n\n<figure class=\"wp-block-image size-medium\"><img loading=\"lazy\" decoding=\"async\" width=\"300\" height=\"300\" data-id=\"971\" src=\"https:\/\/paramus.pl\/wp-content\/uploads\/2021\/05\/189206209_3963405677041941_8373642002814654128_n-300x300.jpg\" alt=\"\" class=\"wp-image-971\" srcset=\"https:\/\/paramus.pl\/wp-content\/uploads\/2021\/05\/189206209_3963405677041941_8373642002814654128_n-300x300.jpg 300w, https:\/\/paramus.pl\/wp-content\/uploads\/2021\/05\/189206209_3963405677041941_8373642002814654128_n-1024x1024.jpg 1024w, https:\/\/paramus.pl\/wp-content\/uploads\/2021\/05\/189206209_3963405677041941_8373642002814654128_n-150x150.jpg 150w, https:\/\/paramus.pl\/wp-content\/uploads\/2021\/05\/189206209_3963405677041941_8373642002814654128_n-768x768.jpg 768w, https:\/\/paramus.pl\/wp-content\/uploads\/2021\/05\/189206209_3963405677041941_8373642002814654128_n.jpg 1080w\" sizes=\"auto, (max-width: 300px) 100vw, 300px\" \/><\/figure>\n\n\n\n<figure class=\"wp-block-image size-medium\"><img loading=\"lazy\" decoding=\"async\" width=\"300\" height=\"300\" data-id=\"972\" src=\"https:\/\/paramus.pl\/wp-content\/uploads\/2021\/05\/189546059_3963405527041956_6484500517827628956_n-300x300.jpg\" alt=\"\" class=\"wp-image-972\" srcset=\"https:\/\/paramus.pl\/wp-content\/uploads\/2021\/05\/189546059_3963405527041956_6484500517827628956_n-300x300.jpg 300w, https:\/\/paramus.pl\/wp-content\/uploads\/2021\/05\/189546059_3963405527041956_6484500517827628956_n-1024x1024.jpg 1024w, https:\/\/paramus.pl\/wp-content\/uploads\/2021\/05\/189546059_3963405527041956_6484500517827628956_n-150x150.jpg 150w, https:\/\/paramus.pl\/wp-content\/uploads\/2021\/05\/189546059_3963405527041956_6484500517827628956_n-768x768.jpg 768w, https:\/\/paramus.pl\/wp-content\/uploads\/2021\/05\/189546059_3963405527041956_6484500517827628956_n.jpg 1080w\" sizes=\"auto, (max-width: 300px) 100vw, 300px\" \/><\/figure>\n\n\n\n<figure class=\"wp-block-image size-medium\"><img loading=\"lazy\" decoding=\"async\" width=\"1024\" height=\"1024\" data-id=\"973\" src=\"https:\/\/paramus.pl\/wp-content\/uploads\/2021\/05\/190892188_3963405397041969_3722001832705045135_n-1024x1024.jpg\" alt=\"\" class=\"wp-image-973\" srcset=\"https:\/\/paramus.pl\/wp-content\/uploads\/2021\/05\/190892188_3963405397041969_3722001832705045135_n-1024x1024.jpg 1024w, https:\/\/paramus.pl\/wp-content\/uploads\/2021\/05\/190892188_3963405397041969_3722001832705045135_n-300x300.jpg 300w, https:\/\/paramus.pl\/wp-content\/uploads\/2021\/05\/190892188_3963405397041969_3722001832705045135_n-150x150.jpg 150w, https:\/\/paramus.pl\/wp-content\/uploads\/2021\/05\/190892188_3963405397041969_3722001832705045135_n-768x768.jpg 768w, https:\/\/paramus.pl\/wp-content\/uploads\/2021\/05\/190892188_3963405397041969_3722001832705045135_n.jpg 1080w\" sizes=\"auto, (max-width: 1024px) 100vw, 1024px\" \/><\/figure>\n<\/figure>\n\n\n\n<p><\/p>\n\n\n\n<hr class=\"wp-block-separator has-css-opacity\"\/>\n\n\n\n<p><\/p>\n\n\n\n<div class=\"wp-block-media-text alignwide has-media-on-the-right is-stacked-on-mobile is-vertically-aligned-top\" style=\"grid-template-columns:auto 41%\"><div class=\"wp-block-media-text__content\">\n<p class=\"has-large-font-size\">Voucher weekendowy<\/p>\n\n\n\n<p>Weekend w <a href=\"https:\/\/dwporabka.com.pl\/\" target=\"_blank\" rel=\"noreferrer noopener\">Domu Wczasowym Por\u0105bka <\/a> w \u015awinouj\u015bciu. <\/p>\n\n\n\n<p><\/p>\n<\/div><figure class=\"wp-block-media-text__media\"><img loading=\"lazy\" decoding=\"async\" width=\"1024\" height=\"819\" src=\"https:\/\/paramus.pl\/wp-content\/uploads\/2021\/05\/DW-Porabka-1024x819.png\" alt=\"\" class=\"wp-image-967 size-full\" srcset=\"https:\/\/paramus.pl\/wp-content\/uploads\/2021\/05\/DW-Porabka-1024x819.png 1024w, https:\/\/paramus.pl\/wp-content\/uploads\/2021\/05\/DW-Porabka-300x240.png 300w, https:\/\/paramus.pl\/wp-content\/uploads\/2021\/05\/DW-Porabka-768x614.png 768w, https:\/\/paramus.pl\/wp-content\/uploads\/2021\/05\/DW-Porabka-1536x1229.png 1536w, https:\/\/paramus.pl\/wp-content\/uploads\/2021\/05\/DW-Porabka.png 2000w\" sizes=\"auto, (max-width: 1024px) 100vw, 1024px\" \/><\/figure><\/div>\n\n\n\n<hr class=\"wp-block-separator has-css-opacity\"\/>\n\n\n\n<p class=\"has-text-align-center has-normal-font-size\"><strong>Artyku\u0142y sportowe od Grupy \u017bywiec<\/strong><\/p>\n\n\n\n<figure class=\"wp-block-gallery has-nested-images columns-default is-cropped wp-block-gallery-2 is-layout-flex wp-block-gallery-is-layout-flex\">\n<figure class=\"wp-block-image size-large\"><img loading=\"lazy\" decoding=\"async\" width=\"1024\" height=\"768\" data-id=\"963\" src=\"https:\/\/paramus.pl\/wp-content\/uploads\/2021\/05\/174127598_3846503525398824_7632753366978257701_n-1024x768.jpg\" alt=\"\" class=\"wp-image-963\" srcset=\"https:\/\/paramus.pl\/wp-content\/uploads\/2021\/05\/174127598_3846503525398824_7632753366978257701_n-1024x768.jpg 1024w, https:\/\/paramus.pl\/wp-content\/uploads\/2021\/05\/174127598_3846503525398824_7632753366978257701_n-300x225.jpg 300w, https:\/\/paramus.pl\/wp-content\/uploads\/2021\/05\/174127598_3846503525398824_7632753366978257701_n-768x576.jpg 768w, https:\/\/paramus.pl\/wp-content\/uploads\/2021\/05\/174127598_3846503525398824_7632753366978257701_n-1536x1152.jpg 1536w, https:\/\/paramus.pl\/wp-content\/uploads\/2021\/05\/174127598_3846503525398824_7632753366978257701_n.jpg 2000w\" sizes=\"auto, (max-width: 1024px) 100vw, 1024px\" \/><\/figure>\n\n\n\n<figure class=\"wp-block-image size-large\"><img loading=\"lazy\" decoding=\"async\" width=\"1024\" height=\"768\" data-id=\"964\" src=\"https:\/\/paramus.pl\/wp-content\/uploads\/2021\/05\/173935303_3846503458732164_6954699562228682371_n-1-1024x768.jpg\" alt=\"\" class=\"wp-image-964\" srcset=\"https:\/\/paramus.pl\/wp-content\/uploads\/2021\/05\/173935303_3846503458732164_6954699562228682371_n-1-1024x768.jpg 1024w, https:\/\/paramus.pl\/wp-content\/uploads\/2021\/05\/173935303_3846503458732164_6954699562228682371_n-1-300x225.jpg 300w, https:\/\/paramus.pl\/wp-content\/uploads\/2021\/05\/173935303_3846503458732164_6954699562228682371_n-1-768x576.jpg 768w, https:\/\/paramus.pl\/wp-content\/uploads\/2021\/05\/173935303_3846503458732164_6954699562228682371_n-1-1536x1152.jpg 1536w, https:\/\/paramus.pl\/wp-content\/uploads\/2021\/05\/173935303_3846503458732164_6954699562228682371_n-1.jpg 2000w\" sizes=\"auto, (max-width: 1024px) 100vw, 1024px\" \/><\/figure>\n\n\n\n<figure class=\"wp-block-image size-large\"><img loading=\"lazy\" decoding=\"async\" width=\"768\" height=\"1024\" data-id=\"965\" src=\"https:\/\/paramus.pl\/wp-content\/uploads\/2021\/05\/173912229_3846503522065491_7562734085288129107_n-768x1024.jpg\" alt=\"\" class=\"wp-image-965\" srcset=\"https:\/\/paramus.pl\/wp-content\/uploads\/2021\/05\/173912229_3846503522065491_7562734085288129107_n-768x1024.jpg 768w, https:\/\/paramus.pl\/wp-content\/uploads\/2021\/05\/173912229_3846503522065491_7562734085288129107_n-225x300.jpg 225w, https:\/\/paramus.pl\/wp-content\/uploads\/2021\/05\/173912229_3846503522065491_7562734085288129107_n-1152x1536.jpg 1152w, https:\/\/paramus.pl\/wp-content\/uploads\/2021\/05\/173912229_3846503522065491_7562734085288129107_n.jpg 1500w\" sizes=\"auto, (max-width: 768px) 100vw, 768px\" \/><\/figure>\n<\/figure>\n\n\n\n<hr class=\"wp-block-separator has-css-opacity\"\/>\n\n\n\n<div class=\"wp-block-media-text alignwide is-stacked-on-mobile\" style=\"grid-template-columns:30% auto\"><figure class=\"wp-block-media-text__media\"><img loading=\"lazy\" decoding=\"async\" width=\"225\" height=\"225\" src=\"https:\/\/paramus.pl\/wp-content\/uploads\/2021\/05\/Beskid-Choco.jpeg\" alt=\"\" class=\"wp-image-961 size-full\" srcset=\"https:\/\/paramus.pl\/wp-content\/uploads\/2021\/05\/Beskid-Choco.jpeg 225w, https:\/\/paramus.pl\/wp-content\/uploads\/2021\/05\/Beskid-Choco-150x150.jpeg 150w\" sizes=\"auto, (max-width: 225px) 100vw, 225px\" \/><\/figure><div class=\"wp-block-media-text__content\">\n<p class=\"has-normal-font-size\">Nagroda od firmy  <a href=\"https:\/\/beskidchocolate.pl\/\" target=\"_blank\" rel=\"noreferrer noopener\">Beskid Chocolate<\/a> &#8211; producenta <strong>rzemie\u015blniczych czekolad od ziarna do tabliczki<\/strong>, kt\u00f3re produkowane s\u0105 z wysokiej jako\u015bci ziaren kakaowca z ca\u0142ego \u015bwiata.<\/p>\n<\/div><\/div>\n\n\n\n<hr class=\"wp-block-separator has-css-opacity\"\/>\n\n\n\n<p class=\"has-large-font-size\"><strong>MEDIA o V \u017bywieckich Foto Zawodach<\/strong><\/p>\n\n\n\n<div class=\"wp-block-buttons is-layout-flex wp-block-buttons-is-layout-flex\">\n<div class=\"wp-block-button has-custom-width wp-block-button__width-50\"><a class=\"wp-block-button__link has-nv-c-2-background-color has-background wp-element-button\" href=\"https:\/\/www.eska.pl\/?article_uid=aa-fNNj-4ToR-fjYw&amp;utm_campaign=buttonFB&amp;utm_medium=fb&amp;utm_source=facebook&amp;fbclid=IwAR3ojx_13oTUEyiU9erpOSEY2xLoiHtUOHEHwOq1lHtFdBNrnklH-INweXM\" target=\"_blank\" rel=\"noreferrer noopener\">RADIO ESKA BESKIDY<\/a><\/div>\n<\/div>\n\n\n\n<hr class=\"wp-block-separator has-css-opacity\"\/>\n\n\n\n<div class=\"wp-block-media-text alignwide has-media-on-the-right is-stacked-on-mobile\" style=\"grid-template-columns:auto 33%\"><div class=\"wp-block-media-text__content\">\n<p class=\"has-normal-font-size\">Zapowied\u017a V \u017bywieckich Foto Zawod\u00f3w w czerwcowym numerze <a href=\"https:\/\/paramus.pl\/?page_id=432\" target=\"_blank\" rel=\"noreferrer noopener\">&#8222;Nad So\u0142\u0105 i Koszaraw\u0105&#8221; <\/a><\/p>\n<\/div><figure class=\"wp-block-media-text__media\"><img loading=\"lazy\" decoding=\"async\" width=\"700\" height=\"1024\" src=\"https:\/\/paramus.pl\/wp-content\/uploads\/2021\/05\/NSiK5285-3-700x1024.jpg\" alt=\"\" class=\"wp-image-988 size-full\" srcset=\"https:\/\/paramus.pl\/wp-content\/uploads\/2021\/05\/NSiK5285-3-700x1024.jpg 700w, https:\/\/paramus.pl\/wp-content\/uploads\/2021\/05\/NSiK5285-3-205x300.jpg 205w, https:\/\/paramus.pl\/wp-content\/uploads\/2021\/05\/NSiK5285-3-768x1124.jpg 768w, https:\/\/paramus.pl\/wp-content\/uploads\/2021\/05\/NSiK5285-3-1050x1536.jpg 1050w, https:\/\/paramus.pl\/wp-content\/uploads\/2021\/05\/NSiK5285-3-1399x2048.jpg 1399w, https:\/\/paramus.pl\/wp-content\/uploads\/2021\/05\/NSiK5285-3-scaled.jpg 1749w\" sizes=\"auto, (max-width: 700px) 100vw, 700px\" \/><\/figure><\/div>\n\n\n\n<hr class=\"wp-block-separator has-css-opacity\"\/>\n\n\n\n<div class=\"wp-block-media-text alignwide is-stacked-on-mobile\" style=\"grid-template-columns:31% auto\"><figure class=\"wp-block-media-text__media\"><img loading=\"lazy\" decoding=\"async\" width=\"1024\" height=\"1024\" src=\"http:\/\/paramus.pl\/wp-content\/uploads\/2021\/04\/fotozzawody-1024x1024.jpg\" alt=\"\" class=\"wp-image-692 size-full\"\/><\/figure><div class=\"wp-block-media-text__content\">\n<p style=\"font-size:21px\">\u017bywieckie Foto Zawody, to konkurs, kt\u00f3rego podstawow\u0105 trudno\u015bci\u0105 jest wykonanie zadania fotograficznego w ci\u0105gu 24 godzin. G\u0142\u00f3wnym celem Foto Zawod\u00f3w jest promowanie sztuki fotografii, rozbudzanie kreatywno\u015bci i tw\u00f3rczej pomys\u0142owo\u015bci. Wa\u017cnym za\u0142o\u017ceniem jest tak\u017ce motywacja do wsp\u00f3lnej pracy, dlatego organizatorzy zach\u0119caj\u0105 do uczestnictwa teamy rodzinne.&nbsp;<\/p>\n\n\n\n<p><\/p>\n<\/div><\/div>\n\n\n\n<hr class=\"wp-block-separator has-css-opacity\"\/>\n\n\n\n<div class=\"wp-block-media-text alignwide is-stacked-on-mobile\" style=\"grid-template-columns:20% auto\"><figure class=\"wp-block-media-text__media\"><img loading=\"lazy\" decoding=\"async\" width=\"1024\" height=\"774\" src=\"https:\/\/paramus.pl\/wp-content\/uploads\/2021\/04\/Facebook-Like-PNG-Pic-1024x774.png\" alt=\"\" class=\"wp-image-742 size-full\" srcset=\"https:\/\/paramus.pl\/wp-content\/uploads\/2021\/04\/Facebook-Like-PNG-Pic-1024x774.png 1024w, https:\/\/paramus.pl\/wp-content\/uploads\/2021\/04\/Facebook-Like-PNG-Pic-300x227.png 300w, https:\/\/paramus.pl\/wp-content\/uploads\/2021\/04\/Facebook-Like-PNG-Pic-768x580.png 768w, https:\/\/paramus.pl\/wp-content\/uploads\/2021\/04\/Facebook-Like-PNG-Pic-1536x1161.png 1536w, https:\/\/paramus.pl\/wp-content\/uploads\/2021\/04\/Facebook-Like-PNG-Pic.png 1600w\" sizes=\"auto, (max-width: 1024px) 100vw, 1024px\" \/><\/figure><div class=\"wp-block-media-text__content\">\n<p class=\"has-text-align-center has-text-color has-large-font-size\" style=\"color:#3749b1\"><strong><a rel=\"noreferrer noopener\" href=\"https:\/\/www.facebook.com\/Fotoprojektor\/\" target=\"_blank\"> FACEBOOK<\/a><\/strong><\/p>\n<\/div><\/div>\n\n\n\n<div class=\"wp-block-media-text alignwide is-stacked-on-mobile\" style=\"grid-template-columns:22% auto\"><figure class=\"wp-block-media-text__media\"><img loading=\"lazy\" decoding=\"async\" width=\"655\" height=\"420\" src=\"https:\/\/paramus.pl\/wp-content\/uploads\/2021\/04\/instagram2016-logo655.png\" alt=\"\" class=\"wp-image-830 size-full\" srcset=\"https:\/\/paramus.pl\/wp-content\/uploads\/2021\/04\/instagram2016-logo655.png 655w, https:\/\/paramus.pl\/wp-content\/uploads\/2021\/04\/instagram2016-logo655-300x192.png 300w\" sizes=\"auto, (max-width: 655px) 100vw, 655px\" \/><\/figure><div class=\"wp-block-media-text__content\">\n<p class=\"has-text-align-center has-large-font-size\"><a href=\"https:\/\/www.instagram.com\/fotoprojektor\/\"><strong>INSTAGRAM<\/strong><\/a><\/p>\n<\/div><\/div>\n\n\n\n<hr class=\"wp-block-separator has-css-opacity\"\/>\n\n\n\n<div class=\"wp-block-buttons is-horizontal is-content-justification-center is-layout-flex wp-container-core-buttons-is-layout-499968f5 wp-block-buttons-is-layout-flex\">\n<div class=\"wp-block-button\"><a class=\"wp-block-button__link has-text-color has-background wp-element-button\" href=\"https:\/\/paramus.pl\/?p=733\" style=\"border-radius:2px;color:#fffffa;background-color:#ba0c49\" target=\"_blank\" rel=\"noreferrer noopener\">IV FOTO ZAWODY 2020<\/a><\/div>\n<\/div>\n\n\n\n<div class=\"wp-block-buttons is-horizontal is-content-justification-center is-layout-flex wp-container-core-buttons-is-layout-499968f5 wp-block-buttons-is-layout-flex\">\n<div class=\"wp-block-button\"><a class=\"wp-block-button__link has-background wp-element-button\" href=\"https:\/\/fotoprojektor.blogspot.com\/p\/stanisaw-skoczen-fotograf.html\" style=\"background-color:#c30947\" target=\"_blank\" rel=\"noreferrer noopener\">Stanis\u0142aw Skocze\u0144 &#8211; Fotograf<\/a><\/div>\n<\/div>\n\n\n\n<p><\/p>\n","protected":false},"excerpt":{"rendered":"<p>Regulamin VII \u017bywieckich Foto Zawod\u00f3w ZGODA NA WYKORZYSTANIE WIZERUNKU &#8211; wkr\u00f3tce do pobrania Nagroda g\u0142\u00f3wna Nagroda g\u0142\u00f3wna VII \u017bywieckich Foto Zawod\u00f3w: 500 z\u0142, statyw do aparatu oraz smartfona, profesjonalna blenda fotograficzna W puli nagr\u00f3d dla laureat\u00f3w znajduj\u0105 si\u0119 akcesoria fotograficzne, aparat Instax mini wraz z wk\u0142adem, r\u0119cznie wykonane statuetki oraz upominki Patronat Krajowego Cechu Fotograf\u00f3w&hellip;&nbsp;<a href=\"https:\/\/paramus.pl\/?page_id=714\" rel=\"bookmark\">Dowiedz si\u0119 wi\u0119cej &raquo;<span class=\"screen-reader-text\">Strefa fotografii<\/span><\/a><\/p>\n","protected":false},"author":2,"featured_media":0,"parent":0,"menu_order":0,"comment_status":"closed","ping_status":"closed","template":"","meta":{"_monsterinsights_skip_tracking":false,"_monsterinsights_sitenote_active":false,"_monsterinsights_sitenote_note":"","_monsterinsights_sitenote_category":0,"neve_meta_sidebar":"full-width","neve_meta_container":"","neve_meta_enable_content_width":"on","neve_meta_content_width":100,"neve_meta_title_alignment":"","neve_meta_author_avatar":"","neve_post_elements_order":"","neve_meta_disable_header":"","neve_meta_disable_footer":"","neve_meta_disable_title":"on","_themeisle_gutenberg_block_has_review":false,"footnotes":""},"class_list":["post-714","page","type-page","status-publish","hentry"],"_links":{"self":[{"href":"https:\/\/paramus.pl\/index.php?rest_route=\/wp\/v2\/pages\/714","targetHints":{"allow":["GET"]}}],"collection":[{"href":"https:\/\/paramus.pl\/index.php?rest_route=\/wp\/v2\/pages"}],"about":[{"href":"https:\/\/paramus.pl\/index.php?rest_route=\/wp\/v2\/types\/page"}],"author":[{"embeddable":true,"href":"https:\/\/paramus.pl\/index.php?rest_route=\/wp\/v2\/users\/2"}],"replies":[{"embeddable":true,"href":"https:\/\/paramus.pl\/index.php?rest_route=%2Fwp%2Fv2%2Fcomments&post=714"}],"version-history":[{"count":57,"href":"https:\/\/paramus.pl\/index.php?rest_route=\/wp\/v2\/pages\/714\/revisions"}],"predecessor-version":[{"id":1786,"href":"https:\/\/paramus.pl\/index.php?rest_route=\/wp\/v2\/pages\/714\/revisions\/1786"}],"wp:attachment":[{"href":"https:\/\/paramus.pl\/index.php?rest_route=%2Fwp%2Fv2%2Fmedia&parent=714"}],"curies":[{"name":"wp","href":"https:\/\/api.w.org\/{rel}","templated":true}]}}